{"id":297,"date":"2022-06-16T11:28:31","date_gmt":"2022-06-16T10:28:31","guid":{"rendered":"https:\/\/www.herve-schluchter.ch\/?page_id=297"},"modified":"2022-06-20T09:35:20","modified_gmt":"2022-06-20T08:35:20","slug":"parcours-de-vie","status":"publish","type":"page","link":"https:\/\/www.herve-schluchter.ch\/en\/parcours-de-vie\/","title":{"rendered":"Life course"},"content":{"rendered":"<div data-elementor-type=\"wp-page\" data-elementor-id=\"297\" class=\"elementor elementor-297\" data-elementor-settings=\"[]\">\n\t\t\t\t\t\t\t<div class=\"elementor-section-wrap\">\n\t\t\t\t\t\t\t<section class=\"elementor-section elementor-top-section elementor-element elementor-element-a20c094 elementor-section-full_width elementor-section-height-full elementor-section-height-default elementor-section-items-middle\" data-id=\"a20c094\" data-element_type=\"section\" data-settings=\"{&quot;background_background&quot;:&quot;classic&quot;}\">\n\t\t\t\t\t\t<div class=\"elementor-container elementor-column-gap-default\">\n\t\t\t\t\t<div class=\"elementor-column elementor-col-100 elementor-top-column elementor-element elementor-element-226f554\" data-id=\"226f554\" data-element_type=\"column\">\n\t\t\t<div class=\"elementor-widget-wrap elementor-element-populated\">\n\t\t\t\t\t\t\t\t<section class=\"elementor-section elementor-inner-section elementor-element elementor-element-ee5efcd elementor-section-boxed elementor-section-height-default elementor-section-height-default\" data-id=\"ee5efcd\" data-element_type=\"section\">\n\t\t\t\t\t\t<div class=\"elementor-container elementor-column-gap-default\">\n\t\t\t\t\t<div class=\"elementor-column elementor-col-100 elementor-inner-column elementor-element elementor-element-9c17803\" data-id=\"9c17803\" data-element_type=\"column\">\n\t\t\t<div class=\"elementor-widget-wrap elementor-element-populated\">\n\t\t\t\t\t\t\t\t<div class=\"elementor-element elementor-element-a3b5266 elementor-widget elementor-widget-heading\" data-id=\"a3b5266\" data-element_type=\"widget\" data-widget_type=\"heading.default\">\n\t\t\t\t<div class=\"elementor-widget-container\">\n\t\t\t<h2 class=\"elementor-heading-title elementor-size-default\">Life course<\/h2>\t\t<\/div>\n\t\t\t\t<\/div>\n\t\t\t\t<div class=\"elementor-element elementor-element-d8d0df2 elementor-widget elementor-widget-spacer\" data-id=\"d8d0df2\" data-element_type=\"widget\" data-widget_type=\"spacer.default\">\n\t\t\t\t<div class=\"elementor-widget-container\">\n\t\t\t\t\t<div class=\"elementor-spacer\">\n\t\t\t<div class=\"elementor-spacer-inner\"><\/div>\n\t\t<\/div>\n\t\t\t\t<\/div>\n\t\t\t\t<\/div>\n\t\t\t\t<div class=\"elementor-element elementor-element-60ab159 elementor-widget elementor-widget-heading\" data-id=\"60ab159\" data-element_type=\"widget\" data-widget_type=\"heading.default\">\n\t\t\t\t<div class=\"elementor-widget-container\">\n\t\t\t<h2 class=\"elementor-heading-title elementor-size-default\">- Herv\u00e9 Schl\u00fcchter -<\/h2>\t\t<\/div>\n\t\t\t\t<\/div>\n\t\t\t\t\t<\/div>\n\t\t<\/div>\n\t\t\t\t\t\t\t<\/div>\n\t\t<\/section>\n\t\t\t\t\t<\/div>\n\t\t<\/div>\n\t\t\t\t\t\t\t<\/div>\n\t\t<\/section>\n\t\t\t\t<section class=\"elementor-section elementor-top-section elementor-element elementor-element-2b21219 elementor-section-boxed elementor-section-height-default elementor-section-height-default\" data-id=\"2b21219\" data-element_type=\"section\">\n\t\t\t\t\t\t<div class=\"elementor-container elementor-column-gap-default\">\n\t\t\t\t\t<div class=\"elementor-column elementor-col-100 elementor-top-column elementor-element elementor-element-31db96b\" data-id=\"31db96b\" data-element_type=\"column\">\n\t\t\t<div class=\"elementor-widget-wrap elementor-element-populated\">\n\t\t\t\t\t\t\t\t<section class=\"elementor-section elementor-inner-section elementor-element elementor-element-5291f69 elementor-section-full_width elementor-section-height-default elementor-section-height-default\" data-id=\"5291f69\" data-element_type=\"section\">\n\t\t\t\t\t\t<div class=\"elementor-container elementor-column-gap-extended\">\n\t\t\t\t\t<div class=\"elementor-column elementor-col-100 elementor-inner-column elementor-element elementor-element-aa212d9\" data-id=\"aa212d9\" data-element_type=\"column\" data-settings=\"{&quot;background_background&quot;:&quot;classic&quot;}\">\n\t\t\t<div class=\"elementor-widget-wrap elementor-element-populated\">\n\t\t\t\t\t\t\t\t<div class=\"elementor-element elementor-element-c9180fc elementor-widget elementor-widget-heading\" data-id=\"c9180fc\" data-element_type=\"widget\" data-widget_type=\"heading.default\">\n\t\t\t\t<div class=\"elementor-widget-container\">\n\t\t\t<h2 class=\"elementor-heading-title elementor-size-default\">Childwood<\/h2>\t\t<\/div>\n\t\t\t\t<\/div>\n\t\t\t\t<div class=\"elementor-element elementor-element-51b7809 elementor-widget elementor-widget-text-editor\" data-id=\"51b7809\" data-element_type=\"widget\" data-widget_type=\"text-editor.default\">\n\t\t\t\t<div class=\"elementor-widget-container\">\n\t\t\t\t\t\t\t<p>Je suis n\u00e9 et ai grandi \u00e0 Moutier, un petit village de 300 \u00e2mes, au B\u00e9mont dans le Jura, o\u00f9 mon papa \u00e9tait le facteur du village.<\/p><p>J\u2019ai toujours aim\u00e9 cr\u00e9er de mes mains, et ayant souvent observ\u00e9 mon papa, apiculteur \u00e0 ses heures, construire de nombreux \u00e9l\u00e9ments comme ses ruches, ses cadres, et m\u00eame certains de ses outils. J\u2019aimais passer du temps avec lui dans son atelier pour fabriquer des choses pour moi. C\u2019\u00e9taient des moments de calme et de s\u00e9r\u00e9nit\u00e9, sauf quand tout ne se d\u00e9roulait pas selon nos plans\u00a0! Dans le m\u00eame temps, je passais beaucoup de temps sur les patinoires, car ma maman y tenait la buvette. Circonstances r\u00eav\u00e9es pour faire des matchs tr\u00e8s disput\u00e9s avec mes amis pendant des heures. \u00c0 quinze ans, le temps f\u00fbt venu de quitter la maison familiale afin de m\u2019\u00e9tablir \u00e0 Porrentruy et de faire mon \u00e9cole d\u2019horlogerie tout en poursuivant ma passion du hockey.<\/p>\t\t\t\t\t\t<\/div>\n\t\t\t\t<\/div>\n\t\t\t\t<div class=\"elementor-element elementor-element-fd15df3 elementor-widget elementor-widget-spacer\" data-id=\"fd15df3\" data-element_type=\"widget\" data-widget_type=\"spacer.default\">\n\t\t\t\t<div class=\"elementor-widget-container\">\n\t\t\t\t\t<div class=\"elementor-spacer\">\n\t\t\t<div class=\"elementor-spacer-inner\"><\/div>\n\t\t<\/div>\n\t\t\t\t<\/div>\n\t\t\t\t<\/div>\n\t\t\t\t<div class=\"elementor-element elementor-element-cc3442e elementor-widget elementor-widget-heading\" data-id=\"cc3442e\" data-element_type=\"widget\" data-widget_type=\"heading.default\">\n\t\t\t\t<div class=\"elementor-widget-container\">\n\t\t\t<h2 class=\"elementor-heading-title elementor-size-default\">L'\u00e9cole technique de Porrentruy<\/h2>\t\t<\/div>\n\t\t\t\t<\/div>\n\t\t\t\t<div class=\"elementor-element elementor-element-27c3d30 elementor-widget elementor-widget-text-editor\" data-id=\"27c3d30\" data-element_type=\"widget\" data-widget_type=\"text-editor.default\">\n\t\t\t\t<div class=\"elementor-widget-container\">\n\t\t\t\t\t\t\t<p>C\u2019est l\u2019\u00e9poque de ma formation de l\u2019\u00e9cole technique de Porrentruy (1994-1998), ville o\u00f9 je r\u00e9sidais seul en raison de la distance depuis chez mes parents. Les journ\u00e9es \u00e9taient longues et tr\u00e8s rythm\u00e9es, ce qui contribua \u00e0 me former \u00e0 un volume de travail important; je le comprendrais plus tard. Cette p\u00e9riode me donna les outils n\u00e9cessaires et la maturit\u00e9 pour endosser rapidement des responsabilit\u00e9s dans ma future vie professionnelle.<\/p><p>Je me souviendrai toujours, en 1996, avoir \u00e9t\u00e9 fascin\u00e9 de d\u00e9couvrir au milieu de mon apprentissage, le travail de Philippe Dufour qui pr\u00e9sentait sa Duality avec deux organes r\u00e9glants. Le jeune \u00e9l\u00e8ve que j\u2019\u00e9tais, eut beaucoup de mal \u00e0 comprendre le fonctionnement d\u2019une montre \u00e0 deux c\u0153urs. Ce moment a sem\u00e9 une graine. Je n\u2019ai plus cess\u00e9 de suivre l\u2019\u0153uvre de Philippe.<\/p>\t\t\t\t\t\t<\/div>\n\t\t\t\t<\/div>\n\t\t\t\t<div class=\"elementor-element elementor-element-486b447 elementor-widget elementor-widget-spacer\" data-id=\"486b447\" data-element_type=\"widget\" data-widget_type=\"spacer.default\">\n\t\t\t\t<div class=\"elementor-widget-container\">\n\t\t\t\t\t<div class=\"elementor-spacer\">\n\t\t\t<div class=\"elementor-spacer-inner\"><\/div>\n\t\t<\/div>\n\t\t\t\t<\/div>\n\t\t\t\t<\/div>\n\t\t\t\t<div class=\"elementor-element elementor-element-8bf244d elementor-widget elementor-widget-heading\" data-id=\"8bf244d\" data-element_type=\"widget\" data-widget_type=\"heading.default\">\n\t\t\t\t<div class=\"elementor-widget-container\">\n\t\t\t<h2 class=\"elementor-heading-title elementor-size-default\">Rapidement des responsabilit\u00e9s<\/h2>\t\t<\/div>\n\t\t\t\t<\/div>\n\t\t\t\t<div class=\"elementor-element elementor-element-e598da8 elementor-widget elementor-widget-text-editor\" data-id=\"e598da8\" data-element_type=\"widget\" data-widget_type=\"text-editor.default\">\n\t\t\t\t<div class=\"elementor-widget-container\">\n\t\t\t\t\t\t\t<p>Le dipl\u00f4me de l\u2019\u00e9cole d\u2019horlogerie en poche, mon premier emploie a \u00e9t\u00e9 chez Valgine \u00e0 l\u2019embo\u00eetage et \u00e0 la pose de bracelets. \u00c0 l\u2019\u00e9poque, il n\u2019y avait pas encore la marque Richard Mille chez Valgine, mais je me souviens, lors des visites de M. Mille de ses explications sur sa future marque et son concept \u00e9tonnant pour l\u2019\u00e9poque. Nous \u00e9tions tr\u00e8s surpris de son axe de r\u00e9flexion. Tout le monde conna\u00eet la suite de cette fabuleuse success story.<\/p><p>En 2000, on m\u2019offre l\u2019opportunit\u00e9 de travailler sur des mouvements tourbillons dans une jeune manufacture horlog\u00e8re. Apr\u00e8s le d\u00e9but et la prise en main des tourbillons, je me suis rapidement retrouv\u00e9 Chef de l\u2019atelier. Nous avions de nombreux clients et je travaillais en direct avec les ateliers des marques qui s\u2019approvisionnaient en calibre tourbillon \u00e0 complications. De cette \u00e9poque, je garde le souvenir de nombreuses rencontres avec des personnes merveilleuses avec qui j\u2019entretiens toujours des relations. Au fil des ann\u00e9es, on m\u2019a propos\u00e9 de reprendre plusieurs d\u00e9partements \u00e0 l\u2019interne : la d\u00e9coration, le prototypage, le bureau technique. J\u2019ai ainsi naturellement d\u00e9couvert l\u2019ensemble des m\u00e9tiers qui font une manufacture.<\/p><p>En 2006, cette manufacture est rachet\u00e9e par Pascal Raffy qui va en faire Dimier, la manufacture de la marque Bovet. Nouveau d\u00e9part, humain et technique, l\u2019aventure f\u00fbt magnifique. En 2010, je suis nomm\u00e9 Directeur technique. Cette exp\u00e9rience me permit d\u2019acqu\u00e9rir une vision \u00e0 360\u00b0 d\u2019une belle Maison horlog\u00e8re, ind\u00e9pendante. Un nombre impressionnant de calibres avec des complications tr\u00e8s vari\u00e9es furent con\u00e7us et r\u00e9alis\u00e9s : du pur bonheur et beaucoup, beaucoup de travail. J\u2019ai notamment eu la chance et le privil\u00e8ge de collaborer de mani\u00e8re tr\u00e8s rapproch\u00e9e avec les \u00e9quipes de Pininfarina. \u00c0 leur contact, j\u2019ai observ\u00e9 leur mani\u00e8re de faire et de penser. Depuis, j\u2019ai toujours conserv\u00e9 leur m\u00e9thode de cr\u00e9ation avec les cl\u00e9s essentielles et prioritaires pour cr\u00e9er un objet bien pens\u00e9 : design, technicit\u00e9\/innovation et raret\u00e9.<\/p>\t\t\t\t\t\t<\/div>\n\t\t\t\t<\/div>\n\t\t\t\t<div class=\"elementor-element elementor-element-87316f3 elementor-widget elementor-widget-spacer\" data-id=\"87316f3\" data-element_type=\"widget\" data-widget_type=\"spacer.default\">\n\t\t\t\t<div class=\"elementor-widget-container\">\n\t\t\t\t\t<div class=\"elementor-spacer\">\n\t\t\t<div class=\"elementor-spacer-inner\"><\/div>\n\t\t<\/div>\n\t\t\t\t<\/div>\n\t\t\t\t<\/div>\n\t\t\t\t<div class=\"elementor-element elementor-element-6a25cb8 elementor-widget elementor-widget-heading\" data-id=\"6a25cb8\" data-element_type=\"widget\" data-widget_type=\"heading.default\">\n\t\t\t\t<div class=\"elementor-widget-container\">\n\t\t\t<h2 class=\"elementor-heading-title elementor-size-default\">Nouveau d\u00e9part<\/h2>\t\t<\/div>\n\t\t\t\t<\/div>\n\t\t\t\t<div class=\"elementor-element elementor-element-52c0fdd elementor-widget elementor-widget-text-editor\" data-id=\"52c0fdd\" data-element_type=\"widget\" data-widget_type=\"text-editor.default\">\n\t\t\t\t<div class=\"elementor-widget-container\">\n\t\t\t\t\t\t\t<p>2016 est une ann\u00e9e charni\u00e8re dans ma vie d\u2019homme. Dans la m\u00eame ann\u00e9e, je perds mon papa dans sa 68<sup>th<\/sup> ann\u00e9e, et deux mois plus tard, je deviens papa \u00e0 mon tour pour la premi\u00e8re fois. R\u00e9alisant de mani\u00e8re frontale que la vie est courte et que l\u2019on se doit de r\u00e9aliser ses r\u00eaves dans le temps qui nous est donn\u00e9, je d\u00e9cide de me lancer et de tenter l\u2019aventure comme je l\u2019ai si souvent r\u00eav\u00e9 depuis mon adolescence.<\/p><p>J\u2019ai donc d\u00e9cid\u00e9 de repartir du d\u00e9but professionnellement, et de devenir horloger ind\u00e9pendant.<\/p><p>En 2017, Hyade-S, mon label cr\u00e9atif horloger est cr\u00e9\u00e9. L\u2019id\u00e9e est de donner naissance \u00e0 des objets destin\u00e9s aux autres, tout en restant dans l\u2019ombre. Cette parenth\u00e8se \u00e9tait n\u00e9cessaire pour me red\u00e9finir et construire la vie dont j\u2019ai toujours r\u00eav\u00e9. La m\u00eame ann\u00e9e, je commence un projet majeur qui verra le jour en 2022, ann\u00e9e de l\u2019annonce de la cr\u00e9ation \u00e0 Bienne de mes Ateliers d\u2019Art Traditionnel Horloger.<\/p><p>\u00a0<\/p><p>Le meilleur reste \u00e0 venir.<\/p>\t\t\t\t\t\t<\/div>\n\t\t\t\t<\/div>\n\t\t\t\t\t<\/div>\n\t\t<\/div>\n\t\t\t\t\t\t\t<\/div>\n\t\t<\/section>\n\t\t\t\t\t<\/div>\n\t\t<\/div>\n\t\t\t\t\t\t\t<\/div>\n\t\t<\/section>\n\t\t\t\t<section class=\"elementor-section elementor-top-section elementor-element elementor-element-9231463 elementor-section-boxed elementor-section-height-default elementor-section-height-default\" data-id=\"9231463\" data-element_type=\"section\">\n\t\t\t\t\t\t<div class=\"elementor-container elementor-column-gap-default\">\n\t\t\t\t\t<div class=\"elementor-column elementor-col-100 elementor-top-column elementor-element elementor-element-4ea9874\" data-id=\"4ea9874\" data-element_type=\"column\">\n\t\t\t<div class=\"elementor-widget-wrap elementor-element-populated\">\n\t\t\t\t\t\t\t\t<div class=\"elementor-element elementor-element-be193cc elementor-widget elementor-widget-spacer\" data-id=\"be193cc\" data-element_type=\"widget\" data-widget_type=\"spacer.default\">\n\t\t\t\t<div class=\"elementor-widget-container\">\n\t\t\t\t\t<div class=\"elementor-spacer\">\n\t\t\t<div class=\"elementor-spacer-inner\"><\/div>\n\t\t<\/div>\n\t\t\t\t<\/div>\n\t\t\t\t<\/div>\n\t\t\t\t\t<\/div>\n\t\t<\/div>\n\t\t\t\t\t\t\t<\/div>\n\t\t<\/section>\n\t\t\t\t<section class=\"elementor-section elementor-top-section elementor-element elementor-element-d5bce50 elementor-section-boxed elementor-section-height-default elementor-section-height-default\" data-id=\"d5bce50\" data-element_type=\"section\">\n\t\t\t\t\t\t<div class=\"elementor-container elementor-column-gap-default\">\n\t\t\t\t\t<div class=\"elementor-column elementor-col-100 elementor-top-column elementor-element elementor-element-68fb70f\" data-id=\"68fb70f\" data-element_type=\"column\">\n\t\t\t<div class=\"elementor-widget-wrap elementor-element-populated\">\n\t\t\t\t\t\t\t\t<div class=\"elementor-element elementor-element-1b31254 elementor-aspect-ratio-169 elementor-widget elementor-widget-video\" data-id=\"1b31254\" data-element_type=\"widget\" data-settings=\"{&quot;youtube_url&quot;:&quot;https:\\\/\\\/www.youtube.com\\\/watch?v=XHOmBV4js_E&quot;,&quot;video_type&quot;:&quot;youtube&quot;,&quot;controls&quot;:&quot;yes&quot;,&quot;aspect_ratio&quot;:&quot;169&quot;}\" data-widget_type=\"video.default\">\n\t\t\t\t<div class=\"elementor-widget-container\">\n\t\t\t\t\t<div class=\"elementor-wrapper elementor-fit-aspect-ratio elementor-open-inline\">\n\t\t\t<div class=\"elementor-video\"><\/div>\t\t<\/div>\n\t\t\t\t<\/div>\n\t\t\t\t<\/div>\n\t\t\t\t\t<\/div>\n\t\t<\/div>\n\t\t\t\t\t\t\t<\/div>\n\t\t<\/section>\n\t\t\t\t\t\t<\/div>\n\t\t\t\t\t<\/div>","protected":false},"excerpt":{"rendered":"<p>Parcours de vie &#8211; Herv\u00e9 Schl\u00fcchter &#8211; L&rsquo;enfance Je suis n\u00e9 et ai grandi \u00e0 Moutier, un petit village de 300 \u00e2mes, au B\u00e9mont dans le Jura, o\u00f9 mon papa \u00e9tait le facteur du village. J\u2019ai toujours aim\u00e9 cr\u00e9er de mes mains, et ayant souvent observ\u00e9 mon papa, apiculteur \u00e0 ses heures, construire de nombreux [&hellip;]<\/p>","protected":false},"author":1,"featured_media":0,"parent":0,"menu_order":0,"comment_status":"closed","ping_status":"closed","template":"elementor_header_footer","meta":{"footnotes":""},"class_list":["post-297","page","type-page","status-publish","hentry"],"yoast_head":"<!-- This site is optimized with the Yoast SEO plugin v19.0 - https:\/\/yoast.com\/wordpress\/plugins\/seo\/ -->\n<title>Parcours de vie &ndash; Herv\u00e9 Schl\u00fcchter<\/title>\n<meta name=\"robots\" content=\"index, follow, max-snippet:-1, max-image-preview:large, max-video-preview:-1\" \/>\n<link rel=\"canonical\" href=\"https:\/\/www.herve-schluchter.ch\/en\/parcours-de-vie\/\" \/>\n<meta property=\"og:locale\" content=\"en_US\" \/>\n<meta property=\"og:type\" content=\"article\" \/>\n<meta property=\"og:title\" content=\"Parcours de vie &ndash; Herv\u00e9 Schl\u00fcchter\" \/>\n<meta property=\"og:description\" content=\"Parcours de vie &#8211; Herv\u00e9 Schl\u00fcchter &#8211; L&rsquo;enfance Je suis n\u00e9 et ai grandi \u00e0 Moutier, un petit village de 300 \u00e2mes, au B\u00e9mont dans le Jura, o\u00f9 mon papa \u00e9tait le facteur du village. J\u2019ai toujours aim\u00e9 cr\u00e9er de mes mains, et ayant souvent observ\u00e9 mon papa, apiculteur \u00e0 ses heures, construire de nombreux [&hellip;]\" \/>\n<meta property=\"og:url\" content=\"https:\/\/www.herve-schluchter.ch\/en\/parcours-de-vie\/\" \/>\n<meta property=\"og:site_name\" content=\"Herv\u00e9 Schl\u00fcchter\" \/>\n<meta property=\"article:publisher\" content=\"https:\/\/www.facebook.com\/herve.schluchter\" \/>\n<meta property=\"article:modified_time\" content=\"2022-06-20T08:35:20+00:00\" \/>\n<meta name=\"twitter:card\" content=\"summary_large_image\" \/>\n<meta name=\"twitter:label1\" content=\"Est. reading time\" \/>\n\t<meta name=\"twitter:data1\" content=\"4 minutes\" \/>\n<script type=\"application\/ld+json\" class=\"yoast-schema-graph\">{\"@context\":\"https:\/\/schema.org\",\"@graph\":[{\"@type\":\"WebSite\",\"@id\":\"https:\/\/www.herve-schluchter.ch\/#website\",\"url\":\"https:\/\/www.herve-schluchter.ch\/\",\"name\":\"Herv\u00e9 Schl\u00fcchter\",\"description\":\"\",\"potentialAction\":[{\"@type\":\"SearchAction\",\"target\":{\"@type\":\"EntryPoint\",\"urlTemplate\":\"https:\/\/www.herve-schluchter.ch\/?s={search_term_string}\"},\"query-input\":\"required name=search_term_string\"}],\"inLanguage\":\"en-US\"},{\"@type\":\"WebPage\",\"@id\":\"https:\/\/www.herve-schluchter.ch\/parcours-de-vie\/#webpage\",\"url\":\"https:\/\/www.herve-schluchter.ch\/parcours-de-vie\/\",\"name\":\"Parcours de vie &ndash; Herv\u00e9 Schl\u00fcchter\",\"isPartOf\":{\"@id\":\"https:\/\/www.herve-schluchter.ch\/#website\"},\"datePublished\":\"2022-06-16T10:28:31+00:00\",\"dateModified\":\"2022-06-20T08:35:20+00:00\",\"breadcrumb\":{\"@id\":\"https:\/\/www.herve-schluchter.ch\/parcours-de-vie\/#breadcrumb\"},\"inLanguage\":\"en-US\",\"potentialAction\":[{\"@type\":\"ReadAction\",\"target\":[\"https:\/\/www.herve-schluchter.ch\/parcours-de-vie\/\"]}]},{\"@type\":\"BreadcrumbList\",\"@id\":\"https:\/\/www.herve-schluchter.ch\/parcours-de-vie\/#breadcrumb\",\"itemListElement\":[{\"@type\":\"ListItem\",\"position\":1,\"name\":\"Accueil\",\"item\":\"https:\/\/www.herve-schluchter.ch\/\"},{\"@type\":\"ListItem\",\"position\":2,\"name\":\"Parcours de vie\"}]}]}<\/script>\n<!-- \/ Yoast SEO plugin. -->","yoast_head_json":{"title":"Parcours de vie &ndash; Herv\u00e9 Schl\u00fcchter","robots":{"index":"index","follow":"follow","max-snippet":"max-snippet:-1","max-image-preview":"max-image-preview:large","max-video-preview":"max-video-preview:-1"},"canonical":"https:\/\/www.herve-schluchter.ch\/en\/parcours-de-vie\/","og_locale":"en_US","og_type":"article","og_title":"Parcours de vie &ndash; Herv\u00e9 Schl\u00fcchter","og_description":"Parcours de vie &#8211; Herv\u00e9 Schl\u00fcchter &#8211; L&rsquo;enfance Je suis n\u00e9 et ai grandi \u00e0 Moutier, un petit village de 300 \u00e2mes, au B\u00e9mont dans le Jura, o\u00f9 mon papa \u00e9tait le facteur du village. J\u2019ai toujours aim\u00e9 cr\u00e9er de mes mains, et ayant souvent observ\u00e9 mon papa, apiculteur \u00e0 ses heures, construire de nombreux [&hellip;]","og_url":"https:\/\/www.herve-schluchter.ch\/en\/parcours-de-vie\/","og_site_name":"Herv\u00e9 Schl\u00fcchter","article_publisher":"https:\/\/www.facebook.com\/herve.schluchter","article_modified_time":"2022-06-20T08:35:20+00:00","twitter_card":"summary_large_image","twitter_misc":{"Est. reading time":"4 minutes"},"schema":{"@context":"https:\/\/schema.org","@graph":[{"@type":"WebSite","@id":"https:\/\/www.herve-schluchter.ch\/#website","url":"https:\/\/www.herve-schluchter.ch\/","name":"Herv\u00e9 Schl\u00fcchter","description":"","potentialAction":[{"@type":"SearchAction","target":{"@type":"EntryPoint","urlTemplate":"https:\/\/www.herve-schluchter.ch\/?s={search_term_string}"},"query-input":"required name=search_term_string"}],"inLanguage":"en-US"},{"@type":"WebPage","@id":"https:\/\/www.herve-schluchter.ch\/parcours-de-vie\/#webpage","url":"https:\/\/www.herve-schluchter.ch\/parcours-de-vie\/","name":"Parcours de vie &ndash; Herv\u00e9 Schl\u00fcchter","isPartOf":{"@id":"https:\/\/www.herve-schluchter.ch\/#website"},"datePublished":"2022-06-16T10:28:31+00:00","dateModified":"2022-06-20T08:35:20+00:00","breadcrumb":{"@id":"https:\/\/www.herve-schluchter.ch\/parcours-de-vie\/#breadcrumb"},"inLanguage":"en-US","potentialAction":[{"@type":"ReadAction","target":["https:\/\/www.herve-schluchter.ch\/parcours-de-vie\/"]}]},{"@type":"BreadcrumbList","@id":"https:\/\/www.herve-schluchter.ch\/parcours-de-vie\/#breadcrumb","itemListElement":[{"@type":"ListItem","position":1,"name":"Accueil","item":"https:\/\/www.herve-schluchter.ch\/"},{"@type":"ListItem","position":2,"name":"Parcours de vie"}]}]}},"_links":{"self":[{"href":"https:\/\/www.herve-schluchter.ch\/en\/wp-json\/wp\/v2\/pages\/297","targetHints":{"allow":["GET"]}}],"collection":[{"href":"https:\/\/www.herve-schluchter.ch\/en\/wp-json\/wp\/v2\/pages"}],"about":[{"href":"https:\/\/www.herve-schluchter.ch\/en\/wp-json\/wp\/v2\/types\/page"}],"author":[{"embeddable":true,"href":"https:\/\/www.herve-schluchter.ch\/en\/wp-json\/wp\/v2\/users\/1"}],"replies":[{"embeddable":true,"href":"https:\/\/www.herve-schluchter.ch\/en\/wp-json\/wp\/v2\/comments?post=297"}],"version-history":[{"count":20,"href":"https:\/\/www.herve-schluchter.ch\/en\/wp-json\/wp\/v2\/pages\/297\/revisions"}],"predecessor-version":[{"id":1016,"href":"https:\/\/www.herve-schluchter.ch\/en\/wp-json\/wp\/v2\/pages\/297\/revisions\/1016"}],"wp:attachment":[{"href":"https:\/\/www.herve-schluchter.ch\/en\/wp-json\/wp\/v2\/media?parent=297"}],"curies":[{"name":"wp","href":"https:\/\/api.w.org\/{rel}","templated":true}]}}